{"id":1183,"date":"2020-11-20T09:12:19","date_gmt":"2020-11-20T09:12:19","guid":{"rendered":"https:\/\/www.kavacfilm.com\/?page_id=1183"},"modified":"2020-11-20T09:12:19","modified_gmt":"2020-11-20T09:12:19","slug":"old-page-the-traitor","status":"publish","type":"page","link":"https:\/\/www.kavacfilm.com\/en\/old-page-the-traitor\/","title":{"rendered":"OLD PAGE &#8211; The Traitor"},"content":{"rendered":"<p>[et_pb_section bb_built=&#8221;1&#8243; admin_label=&#8221;section&#8221; transparent_background=&#8221;off&#8221; allow_player_pause=&#8221;off&#8221; inner_shadow=&#8221;off&#8221; parallax=&#8221;off&#8221; parallax_method=&#8221;off&#8221; custom_padding=&#8221;1px|||&#8221; padding_mobile=&#8221;off&#8221; make_fullwidth=&#8221;off&#8221; use_custom_width=&#8221;off&#8221; width_unit=&#8221;on&#8221; make_equal=&#8221;off&#8221; use_custom_gutter=&#8221;off&#8221; custom_padding_tablet=&#8221;50px|0|50px|0&#8243; custom_padding_last_edited=&#8221;on|desktop&#8221; inner_width=&#8221;auto&#8221; inner_max_width=&#8221;1080px&#8221;][et_pb_row make_fullwidth=&#8221;on&#8221; use_custom_width=&#8221;off&#8221; width_unit=&#8221;on&#8221; custom_width_px=&#8221;1080&#8243; custom_width_percent=&#8221;80&#8243; use_custom_gutter=&#8221;off&#8221; allow_player_pause=&#8221;off&#8221; parallax=&#8221;off&#8221; parallax_method=&#8221;on&#8221; make_equal=&#8221;off&#8221; custom_padding=&#8221;||1px|&#8221; background_position=&#8221;top_left&#8221; background_repeat=&#8221;repeat&#8221; background_size=&#8221;initial&#8221; module_class=&#8221; et_pb_row_fullwidth&#8221; width=&#8221;89%&#8221; width_tablet=&#8221;80%&#8221; width_last_edited=&#8221;on|desktop&#8221; max_width=&#8221;89%&#8221; max_width_tablet=&#8221;80%&#8221; max_width_last_edited=&#8221;on|desktop&#8221;][et_pb_column type=&#8221;1_2&#8243; custom_padding__hover=&#8221;|||&#8221; custom_padding=&#8221;|||&#8221; parallax_method=&#8221;off&#8221;][et_pb_image _builder_version=&#8221;3.21.4&#8243; src=&#8221;https:\/\/www.kavacfilm.com\/wp-content\/uploads\/2019\/05\/IlTraditore_Sito.jpg&#8221; z_index_tablet=&#8221;500&#8243; alt=&#8221;Il Traditore &#8211; Il Nuovo film di Marco Bellocchio, al cinema dal 23 maggio&#8221; align_last_edited=&#8221;on|desktop&#8221; align_tablet=&#8221;center&#8221; \/][\/et_pb_column][et_pb_column type=&#8221;1_2&#8243; custom_padding__hover=&#8221;|||&#8221; custom_padding=&#8221;|||&#8221; parallax_method=&#8221;off&#8221;][et_pb_image _builder_version=&#8221;3.21.4&#8243; src=&#8221;https:\/\/www.kavacfilm.com\/wp-content\/uploads\/2019\/04\/Cannes2019.jpg&#8221; align=&#8221;center&#8221; z_index_tablet=&#8221;500&#8243; align_last_edited=&#8221;on|desktop&#8221; align_tablet=&#8221;center&#8221; \/][et_pb_text text_orientation=&#8221;justified&#8221; use_border_color=&#8221;off&#8221; border_color=&#8221;#ffffff&#8221; border_style=&#8221;solid&#8221; border_width=&#8221;1&#8243; text_font_size=&#8221;16px&#8221; background_position=&#8221;top_left&#8221; background_repeat=&#8221;repeat&#8221; background_size=&#8221;initial&#8221; _builder_version=&#8221;4.7.1&#8243; z_index_tablet=&#8221;500&#8243; text_text_shadow_horizontal_length=&#8221;text_text_shadow_style,%91object Object%93&#8243; text_text_shadow_horizontal_length_tablet=&#8221;0px&#8221; text_text_shadow_vertical_length=&#8221;text_text_shadow_style,%91object Object%93&#8243; text_text_shadow_vertical_length_tablet=&#8221;0px&#8221; text_text_shadow_blur_strength=&#8221;text_text_shadow_style,%91object Object%93&#8243; text_text_shadow_blur_strength_tablet=&#8221;1px&#8221; link_text_shadow_horizontal_length=&#8221;link_text_shadow_style,%91object Object%93&#8243; link_text_shadow_horizontal_length_tablet=&#8221;0px&#8221; link_text_shadow_vertical_length=&#8221;link_text_shadow_style,%91object Object%93&#8243; link_text_shadow_vertical_length_tablet=&#8221;0px&#8221; link_text_shadow_blur_strength=&#8221;link_text_shadow_style,%91object Object%93&#8243; link_text_shadow_blur_strength_tablet=&#8221;1px&#8221; ul_text_shadow_horizontal_length=&#8221;ul_text_shadow_style,%91object Object%93&#8243; ul_text_shadow_horizontal_length_tablet=&#8221;0px&#8221; ul_text_shadow_vertical_length=&#8221;ul_text_shadow_style,%91object Object%93&#8243; ul_text_shadow_vertical_length_tablet=&#8221;0px&#8221; ul_text_shadow_blur_strength=&#8221;ul_text_shadow_style,%91object Object%93&#8243; ul_text_shadow_blur_strength_tablet=&#8221;1px&#8221; ol_text_shadow_horizontal_length=&#8221;ol_text_shadow_style,%91object Object%93&#8243; ol_text_shadow_horizontal_length_tablet=&#8221;0px&#8221; ol_text_shadow_vertical_length=&#8221;ol_text_shadow_style,%91object Object%93&#8243; ol_text_shadow_vertical_length_tablet=&#8221;0px&#8221; ol_text_shadow_blur_strength=&#8221;ol_text_shadow_style,%91object Object%93&#8243; ol_text_shadow_blur_strength_tablet=&#8221;1px&#8221; quote_text_shadow_horizontal_length=&#8221;quote_text_shadow_style,%91object Object%93&#8243; quote_text_shadow_horizontal_length_tablet=&#8221;0px&#8221; quote_text_shadow_vertical_length=&#8221;quote_text_shadow_style,%91object Object%93&#8243; quote_text_shadow_vertical_length_tablet=&#8221;0px&#8221; quote_text_shadow_blur_strength=&#8221;quote_text_shadow_style,%91object Object%93&#8243; quote_text_shadow_blur_strength_tablet=&#8221;1px&#8221; header_text_shadow_horizontal_length=&#8221;header_text_shadow_style,%91object Object%93&#8243; header_text_shadow_horizontal_length_tablet=&#8221;0px&#8221; header_text_shadow_vertical_length=&#8221;header_text_shadow_style,%91object Object%93&#8243; header_text_shadow_vertical_length_tablet=&#8221;0px&#8221; header_text_shadow_blur_strength=&#8221;header_text_shadow_style,%91object Object%93&#8243; header_text_shadow_blur_strength_tablet=&#8221;1px&#8221; header_2_text_shadow_horizontal_length=&#8221;header_2_text_shadow_style,%91object Object%93&#8243; header_2_text_shadow_horizontal_length_tablet=&#8221;0px&#8221; header_2_text_shadow_vertical_length=&#8221;header_2_text_shadow_style,%91object Object%93&#8243; header_2_text_shadow_vertical_length_tablet=&#8221;0px&#8221; header_2_text_shadow_blur_strength=&#8221;header_2_text_shadow_style,%91object Object%93&#8243; header_2_text_shadow_blur_strength_tablet=&#8221;1px&#8221; header_3_text_shadow_horizontal_length=&#8221;header_3_text_shadow_style,%91object Object%93&#8243; header_3_text_shadow_horizontal_length_tablet=&#8221;0px&#8221; header_3_text_shadow_vertical_length=&#8221;header_3_text_shadow_style,%91object Object%93&#8243; header_3_text_shadow_vertical_length_tablet=&#8221;0px&#8221; header_3_text_shadow_blur_strength=&#8221;header_3_text_shadow_style,%91object Object%93&#8243; header_3_text_shadow_blur_strength_tablet=&#8221;1px&#8221; header_4_text_shadow_horizontal_length=&#8221;header_4_text_shadow_style,%91object Object%93&#8243; header_4_text_shadow_horizontal_length_tablet=&#8221;0px&#8221; header_4_text_shadow_vertical_length=&#8221;header_4_text_shadow_style,%91object Object%93&#8243; header_4_text_shadow_vertical_length_tablet=&#8221;0px&#8221; header_4_text_shadow_blur_strength=&#8221;header_4_text_shadow_style,%91object Object%93&#8243; header_4_text_shadow_blur_strength_tablet=&#8221;1px&#8221; header_5_text_shadow_horizontal_length=&#8221;header_5_text_shadow_style,%91object Object%93&#8243; header_5_text_shadow_horizontal_length_tablet=&#8221;0px&#8221; header_5_text_shadow_vertical_length=&#8221;header_5_text_shadow_style,%91object Object%93&#8243; header_5_text_shadow_vertical_length_tablet=&#8221;0px&#8221; header_5_text_shadow_blur_strength=&#8221;header_5_text_shadow_style,%91object Object%93&#8243; header_5_text_shadow_blur_strength_tablet=&#8221;1px&#8221; header_6_text_shadow_horizontal_length=&#8221;header_6_text_shadow_style,%91object Object%93&#8243; header_6_text_shadow_horizontal_length_tablet=&#8221;0px&#8221; header_6_text_shadow_vertical_length=&#8221;header_6_text_shadow_style,%91object Object%93&#8243; header_6_text_shadow_vertical_length_tablet=&#8221;0px&#8221; header_6_text_shadow_blur_strength=&#8221;header_6_text_shadow_style,%91object Object%93&#8243; header_6_text_shadow_blur_strength_tablet=&#8221;1px&#8221; box_shadow_horizontal_tablet=&#8221;0px&#8221; box_shadow_vertical_tablet=&#8221;0px&#8221; box_shadow_blur_tablet=&#8221;40px&#8221; box_shadow_spread_tablet=&#8221;0px&#8221; vertical_offset_tablet=&#8221;0&#8243; horizontal_offset_tablet=&#8221;0&#8243;]<\/p>\n<p style=\"text-align: center;\">a film by <strong>MARCO BELLOCCHIO<\/strong><\/p>\n<p style=\"text-align: center;\">with <strong>Pierfrancesco Favino<\/strong> <strong>Maria Fernanda Candido<\/strong> <strong>Fabrizio Ferracane<\/strong> <strong>Fausto Russo Alesi<\/strong> <strong>Luigi Lo Cascio<\/strong><\/p>\n<p style=\"text-align: center;\">una coproduzione Italia-Francia-Germania-Brasile<\/p>\n<p style=\"text-align: center;\">prodotto da <strong>BEPPE CASCHETTO<\/strong><\/p>\n<p style=\"text-align: center;\">una produzione <strong>IBC MOVIE, KAVAC FILM <\/strong> <strong>con RAI CINEMA<\/strong><\/p>\n<p style=\"text-align: center;\">Distribuzione <strong>01 DISTRIBUTION<\/strong><\/p>\n<p>[\/et_pb_text][et_pb_divider color=&#8221;#262626&#8243; divider_style=&#8221;outset&#8221; hide_on_mobile=&#8221;off&#8221; divider_weight=&#8221;2&#8243; _builder_version=&#8221;3.21.4&#8243; height=&#8221;5px&#8221; z_index_tablet=&#8221;500&#8243;]<\/p>\n<p>&nbsp;<\/p>\n<p>[\/et_pb_divider][et_pb_image _builder_version=&#8221;3.21.4&#8243; src=&#8221;https:\/\/www.kavacfilm.com\/wp-content\/uploads\/2020\/04\/David-di-Donatello-2020.png&#8221; z_index_tablet=&#8221;500&#8243; align=&#8221;center&#8221; url=&#8221;https:\/\/www.kavacfilm.com\/candidature-david-2020\/&#8221; max_width=&#8221;70%&#8221; align_last_edited=&#8221;on|desktop&#8221; align_tablet=&#8221;center&#8221; \/][\/et_pb_column][\/et_pb_row][et_pb_row _builder_version=&#8221;3.21.4&#8243; make_fullwidth=&#8221;on&#8221; z_index_tablet=&#8221;500&#8243; module_class=&#8221; et_pb_row_fullwidth&#8221; width=&#8221;89%&#8221; width_tablet=&#8221;80%&#8221; width_last_edited=&#8221;on|desktop&#8221; max_width=&#8221;89%&#8221; max_width_tablet=&#8221;80%&#8221; max_width_last_edited=&#8221;on|desktop&#8221;][et_pb_column type=&#8221;4_4&#8243; custom_padding__hover=&#8221;|||&#8221; custom_padding=&#8221;|||&#8221;][et_pb_divider color=&#8221;#262626&#8243; divider_style=&#8221;outset&#8221; hide_on_mobile=&#8221;off&#8221; divider_weight=&#8221;2&#8243; _builder_version=&#8221;3.21.4&#8243; height=&#8221;5px&#8221; z_index_tablet=&#8221;500&#8243;]<\/p>\n<p>&nbsp;<\/p>\n<p>[\/et_pb_divider][\/et_pb_column][\/et_pb_row][et_pb_row _builder_version=&#8221;3.21.4&#8243; make_fullwidth=&#8221;on&#8221; z_index_tablet=&#8221;500&#8243; module_class=&#8221; et_pb_row_fullwidth&#8221; width=&#8221;89%&#8221; width_tablet=&#8221;80%&#8221; width_last_edited=&#8221;on|desktop&#8221; max_width=&#8221;89%&#8221; max_width_tablet=&#8221;80%&#8221; max_width_last_edited=&#8221;on|desktop&#8221;][et_pb_column type=&#8221;1_2&#8243; custom_padding__hover=&#8221;|||&#8221; custom_padding=&#8221;|||&#8221; parallax_method=&#8221;off&#8221;][et_pb_text text_orientation=&#8221;justified&#8221; use_border_color=&#8221;off&#8221; border_color=&#8221;#ffffff&#8221; border_style=&#8221;solid&#8221; border_width=&#8221;1&#8243; text_font_size=&#8221;16&#8243; background_position=&#8221;top_left&#8221; background_repeat=&#8221;repeat&#8221; background_size=&#8221;initial&#8221; _builder_version=&#8221;3.21.4&#8243; z_index_tablet=&#8221;500&#8243;]<\/p>\n<h4 style=\"text-align: left;\"><strong>Cast tecnico<\/strong><\/h4>\n<p style=\"text-align: left;\">Regia <em><strong>Marco Bellocchio<\/strong><\/em><br \/>\nSceneggiatura <em><strong>Marco Bellocchio, Ludovica Rampoldi, Valia Santella, Francesco Piccolo<\/strong><\/em><br \/>\nin collaborazione con <em><strong>Francesco La Licata<\/strong><\/em><br \/>\nUna produzione <em><strong>IBC movie, Kavac Film<\/strong><\/em><br \/>\nCon <em><strong>Rai Cinema<\/strong><\/em><br \/>\nIn coproduzione con <em><strong>Ad Vitam Production<\/strong><\/em> (Francia),<br \/>\n<em><strong>Match Factory Productions<\/strong><\/em> (Germania),<br \/>\n<em><strong>Gullane<\/strong><\/em> (Brasile)<\/p>\n<p style=\"text-align: left;\">Prodotto da <em><strong>Beppe Caschetto<\/strong><\/em><br \/>\nSviluppo progetto<em> <strong>Anastasia Michelagnoli<\/strong><\/em><br \/>\nProduttore esecutivo <em><strong>Simone Gattoni<\/strong><\/em><br \/>\nMontaggio <em><strong>Francesca Calvelli<\/strong><\/em><br \/>\nFotografia <em><strong>Vladan Radovich<\/strong><\/em><br \/>\nMusica <em><strong>Nicola Piovani<\/strong><\/em><br \/>\nScenografia <em><strong>Andrea Castorina<\/strong><\/em><br \/>\nCostumi <em><strong>Daria Calvelli<\/strong><\/em><br \/>\nSuono <em><strong>Gaetano Carito<\/strong><\/em> e <em><strong>Adriano Di Lorenzo<\/strong><\/em><br \/>\nvendite internazionali <em><strong>The Match Factory<\/strong><\/em><br \/>\nDistribuzione <em><strong>O1 Distribution<\/strong><\/em><br \/>\nUfficio stampa film Studio <em><strong>PUNTOeVIRGOLA<\/strong><\/em><br \/>\nDigital PR <em><strong>Inter Nos Web Communication<\/strong><\/em><\/p>\n<p>[\/et_pb_text][\/et_pb_column][et_pb_column type=&#8221;1_2&#8243; custom_padding__hover=&#8221;|||&#8221; custom_padding=&#8221;|||&#8221; parallax_method=&#8221;off&#8221;][et_pb_text text_orientation=&#8221;justified&#8221; use_border_color=&#8221;off&#8221; border_color=&#8221;#ffffff&#8221; border_style=&#8221;solid&#8221; border_width=&#8221;1&#8243; text_font_size=&#8221;16&#8243; background_position=&#8221;top_left&#8221; background_repeat=&#8221;repeat&#8221; background_size=&#8221;initial&#8221; _builder_version=&#8221;3.21.4&#8243; z_index_tablet=&#8221;500&#8243;]<\/p>\n<h4><strong>Cast artistico<\/strong><\/h4>\n<p>&nbsp;<\/p>\n<p>Buscetta <em><strong>Pierfrancesco Favino<\/strong> <\/em><br \/>\nmoglie di Buscetta <em><strong>Maria Fernanda Candido<\/strong><\/em><br \/>\nPippo Cal\u00f2 <em><strong>Fabrizio Ferracane<\/strong><\/em><br \/>\nGiovanni Falcone<em><strong> Fausto Russo Alesi<\/strong><\/em><br \/>\nTotuccio Contorno <em><strong>Luigi Lo Cascio<\/strong><\/em><\/p>\n<p>[\/et_pb_text][\/et_pb_column][\/et_pb_row][et_pb_row _builder_version=&#8221;3.21.4&#8243; make_fullwidth=&#8221;on&#8221; z_index_tablet=&#8221;500&#8243; module_class=&#8221; et_pb_row_fullwidth&#8221; width=&#8221;89%&#8221; width_tablet=&#8221;80%&#8221; width_last_edited=&#8221;on|desktop&#8221; max_width=&#8221;89%&#8221; max_width_tablet=&#8221;80%&#8221; max_width_last_edited=&#8221;on|desktop&#8221;][et_pb_column type=&#8221;4_4&#8243; custom_padding__hover=&#8221;|||&#8221; custom_padding=&#8221;|||&#8221;][et_pb_divider color=&#8221;#262626&#8243; divider_style=&#8221;outset&#8221; hide_on_mobile=&#8221;off&#8221; divider_weight=&#8221;2&#8243; _builder_version=&#8221;3.21.4&#8243; height=&#8221;5px&#8221; z_index_tablet=&#8221;500&#8243;]<\/p>\n<p>&nbsp;<\/p>\n<p>[\/et_pb_divider][\/et_pb_column][\/et_pb_row][et_pb_row _builder_version=&#8221;3.21.4&#8243; make_fullwidth=&#8221;on&#8221; z_index_tablet=&#8221;500&#8243; module_class=&#8221; et_pb_row_fullwidth&#8221; width=&#8221;89%&#8221; width_tablet=&#8221;80%&#8221; width_last_edited=&#8221;on|desktop&#8221; max_width=&#8221;89%&#8221; max_width_tablet=&#8221;80%&#8221; max_width_last_edited=&#8221;on|desktop&#8221;][et_pb_column type=&#8221;4_4&#8243; custom_padding__hover=&#8221;|||&#8221; custom_padding=&#8221;|||&#8221;][et_pb_text text_orientation=&#8221;justified&#8221; use_border_color=&#8221;off&#8221; border_color=&#8221;#ffffff&#8221; border_style=&#8221;solid&#8221; border_width=&#8221;1&#8243; text_font_size=&#8221;16&#8243; background_position=&#8221;top_left&#8221; background_repeat=&#8221;repeat&#8221; background_size=&#8221;initial&#8221; _builder_version=&#8221;3.21.4&#8243; z_index_tablet=&#8221;500&#8243;]<\/p>\n<p><strong>IL TRADITORE<\/strong> \u00e8 un film di vendette e tradimenti su <strong>Tommaso Buscetta<\/strong>, detto anche il \u201cboss dei due mondi\u201d. Il nuovo film di <strong>Marco Bellocchio<\/strong> racconta il primo grande pentito di mafia, l\u2019uomo che per primo consegn\u00f2 le chiavi per avvicinarsi alla piovra, cambiando cos\u00ec le sorti dei rapporti tra Stato e criminalit\u00e0 organizzata. <strong>Pierfrancesco Favino<\/strong> interpreta Tommaso Buscetta, il boss dei due mondi, secondo una prospettiva inedita e mai studiata prima: sar\u00e0 il \u201cTraditore.\u201d Un racconto fatto di violenze e di drammi, che inizia con l\u2019arresto in Brasile e l\u2019estradizione di Buscetta in Italia, passando per l\u2019amicizia con il giudice Falcone e gli irreali silenzi del Maxiprocesso alla mafia. Ed \u00e8 proprio nel momento in cui la giustizia sembra aver segnato un punto, che Cosa Nostra ricorda a Buscetta e all\u2019Italia che la sua sconfitta \u00e8 ben lontana. Scoppia la bomba a Capaci e Buscetta alzer\u00e0 il tiro facendo il nome di Andreotti: un tragico boomerang che lo costringer\u00e0 a fuggire dall\u2019Italia per sempre.<\/p>\n<p>[\/et_pb_text][\/et_pb_column][\/et_pb_row][et_pb_row _builder_version=&#8221;3.21.4&#8243; make_fullwidth=&#8221;on&#8221; z_index_tablet=&#8221;500&#8243; module_class=&#8221; et_pb_row_fullwidth&#8221; width=&#8221;89%&#8221; width_tablet=&#8221;80%&#8221; width_last_edited=&#8221;on|desktop&#8221; max_width=&#8221;89%&#8221; max_width_tablet=&#8221;80%&#8221; max_width_last_edited=&#8221;on|desktop&#8221;][et_pb_column type=&#8221;4_4&#8243; custom_padding__hover=&#8221;|||&#8221; custom_padding=&#8221;|||&#8221;][et_pb_divider color=&#8221;#262626&#8243; divider_style=&#8221;outset&#8221; hide_on_mobile=&#8221;off&#8221; divider_weight=&#8221;2&#8243; _builder_version=&#8221;3.21.4&#8243; height=&#8221;5px&#8221; z_index_tablet=&#8221;500&#8243;]<\/p>\n<p>&nbsp;<\/p>\n<p>[\/et_pb_divider][\/et_pb_column][\/et_pb_row][et_pb_row _builder_version=&#8221;3.21.4&#8243; make_fullwidth=&#8221;on&#8221; z_index_tablet=&#8221;500&#8243; module_class=&#8221; et_pb_row_fullwidth&#8221; width=&#8221;89%&#8221; width_tablet=&#8221;80%&#8221; width_last_edited=&#8221;on|desktop&#8221; max_width=&#8221;89%&#8221; max_width_tablet=&#8221;80%&#8221; max_width_last_edited=&#8221;on|desktop&#8221;][et_pb_column type=&#8221;4_4&#8243; custom_padding__hover=&#8221;|||&#8221; custom_padding=&#8221;|||&#8221;][et_pb_code _builder_version=&#8221;3.21.4&#8243; z_index_tablet=&#8221;500&#8243;]<iframe loading=\"lazy\" src=\"https:\/\/www.youtube.com\/embed\/7nvYMRpKzak\" width=\"560\" height=\"315\" frameborder=\"0\" allowfullscreen=\"allowfullscreen\" data-mce-fragment=\"1\"><\/iframe>[\/et_pb_code][et_pb_code _builder_version=&#8221;3.21.4&#8243; z_index_tablet=&#8221;500&#8243;]<iframe loading=\"lazy\" src=\"https:\/\/www.youtube.com\/embed\/CIusC1WorT4\" width=\"560\" height=\"315\" frameborder=\"0\" allowfullscreen=\"allowfullscreen\" data-mce-fragment=\"1\"><\/iframe>[\/et_pb_code][et_pb_code _builder_version=&#8221;3.21.4&#8243; z_index_tablet=&#8221;500&#8243;]<iframe loading=\"lazy\" src=\"https:\/\/www.youtube.com\/embed\/acBnUO2WpCg\" width=\"560\" height=\"315\" frameborder=\"0\" allowfullscreen=\"allowfullscreen\" data-mce-fragment=\"1\"><\/iframe>[\/et_pb_code][\/et_pb_column][\/et_pb_row][\/et_pb_section]<\/p>\n","protected":false},"excerpt":{"rendered":"<p>a film by MARCO BELLOCCHIOwith Pierfrancesco Favino Maria Fernanda Candido Fabrizio Ferracane Fausto Russo Alesi Luigi Lo Casciouna coproduzione Italia-Francia-Germania-Brasileprodotto da BEPPE CASCHETTOuna produzione IBC MOVIE, KAVAC FILM con RAI CINEMADistribuzione 01 DISTRIBUTION &nbsp; &nbsp; Cast tecnico Regia Marco Bellocchio Sceneggiatura Marco Bellocchio, Ludovica Rampoldi, Valia Santella, Francesco Piccolo in collaborazione con Francesco La Licata [&hellip;]<\/p>\n","protected":false},"author":2,"featured_media":0,"parent":0,"menu_order":0,"comment_status":"closed","ping_status":"closed","template":"","meta":{"_et_pb_use_builder":"on","_et_pb_old_content":"<p>[et_pb_section bb_built=\"1\" admin_label=\"section\" transparent_background=\"off\" allow_player_pause=\"off\" inner_shadow=\"off\" parallax=\"off\" parallax_method=\"off\" custom_padding=\"1px|||\" padding_mobile=\"off\" make_fullwidth=\"off\" use_custom_width=\"off\" width_unit=\"on\" make_equal=\"off\" use_custom_gutter=\"off\" custom_padding_tablet=\"50px|0|50px|0\" custom_padding_last_edited=\"on|desktop\" inner_width=\"auto\" inner_max_width=\"1080px\"][et_pb_row make_fullwidth=\"on\" use_custom_width=\"off\" width_unit=\"on\" custom_width_px=\"1080\" custom_width_percent=\"80\" use_custom_gutter=\"off\" allow_player_pause=\"off\" parallax=\"off\" parallax_method=\"on\" make_equal=\"off\" custom_padding=\"||1px|\" background_position=\"top_left\" background_repeat=\"repeat\" background_size=\"initial\" module_class=\" et_pb_row_fullwidth\" width=\"89%\" width_tablet=\"80%\" width_last_edited=\"on|desktop\" max_width=\"89%\" max_width_tablet=\"80%\" max_width_last_edited=\"on|desktop\"][et_pb_column type=\"1_2\" custom_padding__hover=\"|||\" custom_padding=\"|||\" parallax_method=\"off\"][et_pb_image _builder_version=\"3.21.4\" src=\"https:\/\/www.kavacfilm.com\/wp-content\/uploads\/2019\/05\/IlTraditore_Sito.jpg\" z_index_tablet=\"500\" alt=\"Il Traditore - Il Nuovo film di Marco Bellocchio, al cinema dal 23 maggio\" align_last_edited=\"on|desktop\" align_tablet=\"center\" \/][\/et_pb_column][et_pb_column type=\"1_2\" custom_padding__hover=\"|||\" custom_padding=\"|||\" parallax_method=\"off\"][et_pb_image _builder_version=\"3.21.4\" src=\"https:\/\/www.kavacfilm.com\/wp-content\/uploads\/2019\/04\/Cannes2019.jpg\" align=\"center\" z_index_tablet=\"500\" align_last_edited=\"on|desktop\" align_tablet=\"center\" \/][et_pb_text text_orientation=\"justified\" use_border_color=\"off\" border_color=\"#ffffff\" border_style=\"solid\" border_width=\"1\" text_font_size=\"16\" background_position=\"top_left\" background_repeat=\"repeat\" background_size=\"initial\" _builder_version=\"3.21.4\" z_index_tablet=\"500\"]<\/p><p style=\"text-align: center;\">un film di<br \/><strong>MARCO BELLOCCHIO<\/strong><\/p><p style=\"text-align: center;\">con<br \/><strong>Pierfrancesco Favino<\/strong><br \/><strong>Maria Fernanda Candido<\/strong><br \/><strong>Fabrizio Ferracane<\/strong><br \/><strong>Fausto Russo Alesi<\/strong><br \/><strong>Luigi Lo Cascio<\/strong><\/p><p style=\"text-align: center;\">una coproduzione Italia-Francia-Germania-Brasile<\/p><p style=\"text-align: center;\">prodotto da<br \/><strong>BEPPE CASCHETTO<\/strong><\/p><p style=\"text-align: center;\">una produzione<br \/><strong>IBC MOVIE, KAVAC FILM <\/strong><br \/><strong>con RAI CINEMA<\/strong><\/p><p style=\"text-align: center;\">Distribuzione<br \/><strong>01 DISTRIBUTION<\/strong><\/p><p>[\/et_pb_text][et_pb_divider color=\"#262626\" divider_style=\"outset\" hide_on_mobile=\"off\" divider_weight=\"2\" _builder_version=\"3.21.4\" height=\"5px\" z_index_tablet=\"500\"]<\/p><p>\u00a0<\/p><p>[\/et_pb_divider][et_pb_image _builder_version=\"3.21.4\" src=\"https:\/\/www.kavacfilm.com\/wp-content\/uploads\/2020\/04\/David-di-Donatello-2020.png\" z_index_tablet=\"500\" align=\"center\" url=\"https:\/\/www.kavacfilm.com\/candidature-david-2020\/\" max_width=\"70%\" align_last_edited=\"on|desktop\" align_tablet=\"center\" \/][\/et_pb_column][\/et_pb_row][et_pb_row _builder_version=\"3.21.4\" make_fullwidth=\"on\" z_index_tablet=\"500\" module_class=\" et_pb_row_fullwidth\" width=\"89%\" width_tablet=\"80%\" width_last_edited=\"on|desktop\" max_width=\"89%\" max_width_tablet=\"80%\" max_width_last_edited=\"on|desktop\"][et_pb_column type=\"4_4\" custom_padding__hover=\"|||\" custom_padding=\"|||\"][et_pb_divider color=\"#262626\" divider_style=\"outset\" hide_on_mobile=\"off\" divider_weight=\"2\" _builder_version=\"3.21.4\" height=\"5px\" z_index_tablet=\"500\"]<\/p><p>\u00a0<\/p><p>[\/et_pb_divider][\/et_pb_column][\/et_pb_row][et_pb_row _builder_version=\"3.21.4\" make_fullwidth=\"on\" z_index_tablet=\"500\" module_class=\" et_pb_row_fullwidth\" width=\"89%\" width_tablet=\"80%\" width_last_edited=\"on|desktop\" max_width=\"89%\" max_width_tablet=\"80%\" max_width_last_edited=\"on|desktop\"][et_pb_column type=\"1_2\" custom_padding__hover=\"|||\" custom_padding=\"|||\" parallax_method=\"off\"][et_pb_text text_orientation=\"justified\" use_border_color=\"off\" border_color=\"#ffffff\" border_style=\"solid\" border_width=\"1\" text_font_size=\"16\" background_position=\"top_left\" background_repeat=\"repeat\" background_size=\"initial\" _builder_version=\"3.21.4\" z_index_tablet=\"500\"]<\/p><h4 style=\"text-align: left;\"><strong>Cast tecnico<\/strong><\/h4><p style=\"text-align: left;\">Regia <em><strong>Marco Bellocchio<\/strong><\/em><br \/>Sceneggiatura <em><strong>Marco Bellocchio, Ludovica Rampoldi, Valia Santella, Francesco Piccolo<\/strong><\/em><br \/>in collaborazione con <em><strong>Francesco La Licata<\/strong><\/em><br \/>Una produzione <em><strong>IBC movie, Kavac Film<\/strong><\/em><br \/>Con <em><strong>Rai Cinema<\/strong><\/em><br \/>In coproduzione con <em><strong>Ad Vitam Production<\/strong><\/em> (Francia),<br \/><em><strong>Match Factory Productions<\/strong><\/em> (Germania),<br \/><em><strong>Gullane<\/strong><\/em> (Brasile)<\/p><p style=\"text-align: left;\">Prodotto da <em><strong>Beppe Caschetto<\/strong><\/em><br \/>Sviluppo progetto<em> <strong>Anastasia Michelagnoli<\/strong><\/em><br \/>Produttore esecutivo <em><strong>Simone Gattoni<\/strong><\/em><br \/>Montaggio <em><strong>Francesca Calvelli<\/strong><\/em><br \/>Fotografia <em><strong>Vladan Radovich<\/strong><\/em><br \/>Musica <em><strong>Nicola Piovani<\/strong><\/em><br \/>Scenografia <em><strong>Andrea Castorina<\/strong><\/em><br \/>Costumi <em><strong>Daria Calvelli<\/strong><\/em><br \/>Suono <em><strong>Gaetano Carito<\/strong><\/em> e <em><strong>Adriano Di Lorenzo<\/strong><\/em><br \/>vendite internazionali <em><strong>The Match Factory<\/strong><\/em><br \/>Distribuzione <em><strong>O1 Distribution<\/strong><\/em><br \/>Ufficio stampa film Studio <em><strong>PUNTOeVIRGOLA<\/strong><\/em><br \/>Digital PR <em><strong>Inter Nos Web Communication<\/strong><\/em><\/p><p>[\/et_pb_text][\/et_pb_column][et_pb_column type=\"1_2\" custom_padding__hover=\"|||\" custom_padding=\"|||\" parallax_method=\"off\"][et_pb_text text_orientation=\"justified\" use_border_color=\"off\" border_color=\"#ffffff\" border_style=\"solid\" border_width=\"1\" text_font_size=\"16\" background_position=\"top_left\" background_repeat=\"repeat\" background_size=\"initial\" _builder_version=\"3.21.4\" z_index_tablet=\"500\"]<\/p><h4><strong>Cast artistico<\/strong><\/h4><p>\u00a0<\/p><p>Buscetta <em><strong>Pierfrancesco Favino<\/strong> <\/em><br \/>moglie di Buscetta <em><strong>Maria Fernanda Candido<\/strong><\/em><br \/>Pippo Cal\u00f2 <em><strong>Fabrizio Ferracane<\/strong><\/em><br \/>Giovanni Falcone<em><strong> Fausto Russo Alesi<\/strong><\/em><br \/>Totuccio Contorno <em><strong>Luigi Lo Cascio<\/strong><\/em><\/p><p>[\/et_pb_text][\/et_pb_column][\/et_pb_row][et_pb_row _builder_version=\"3.21.4\" make_fullwidth=\"on\" z_index_tablet=\"500\" module_class=\" et_pb_row_fullwidth\" width=\"89%\" width_tablet=\"80%\" width_last_edited=\"on|desktop\" max_width=\"89%\" max_width_tablet=\"80%\" max_width_last_edited=\"on|desktop\"][et_pb_column type=\"4_4\" custom_padding__hover=\"|||\" custom_padding=\"|||\"][et_pb_divider color=\"#262626\" divider_style=\"outset\" hide_on_mobile=\"off\" divider_weight=\"2\" _builder_version=\"3.21.4\" height=\"5px\" z_index_tablet=\"500\"]<\/p><p>\u00a0<\/p><p>[\/et_pb_divider][\/et_pb_column][\/et_pb_row][et_pb_row _builder_version=\"3.21.4\" make_fullwidth=\"on\" z_index_tablet=\"500\" module_class=\" et_pb_row_fullwidth\" width=\"89%\" width_tablet=\"80%\" width_last_edited=\"on|desktop\" max_width=\"89%\" max_width_tablet=\"80%\" max_width_last_edited=\"on|desktop\"][et_pb_column type=\"4_4\" custom_padding__hover=\"|||\" custom_padding=\"|||\"][et_pb_text text_orientation=\"justified\" use_border_color=\"off\" border_color=\"#ffffff\" border_style=\"solid\" border_width=\"1\" text_font_size=\"16\" background_position=\"top_left\" background_repeat=\"repeat\" background_size=\"initial\" _builder_version=\"3.21.4\" z_index_tablet=\"500\"]<\/p><p><strong>IL TRADITORE<\/strong> \u00e8 un film di vendette e tradimenti su <strong>Tommaso Buscetta<\/strong>, detto anche il \u201cboss dei due mondi\u201d. Il nuovo film di <strong>Marco Bellocchio<\/strong> racconta il primo grande pentito di mafia, l\u2019uomo che per primo consegn\u00f2 le chiavi per avvicinarsi alla piovra, cambiando cos\u00ec le sorti dei rapporti tra Stato e criminalit\u00e0 organizzata. <strong>Pierfrancesco Favino<\/strong> interpreta Tommaso Buscetta, il boss dei due mondi, secondo una prospettiva inedita e mai studiata prima: sar\u00e0 il \u201cTraditore.\u201d Un racconto fatto di violenze e di drammi, che inizia con l\u2019arresto in Brasile e l\u2019estradizione di Buscetta in Italia, passando per l\u2019amicizia con il giudice Falcone e gli irreali silenzi del Maxiprocesso alla mafia. Ed \u00e8 proprio nel momento in cui la giustizia sembra aver segnato un punto, che Cosa Nostra ricorda a Buscetta e all\u2019Italia che la sua sconfitta \u00e8 ben lontana. Scoppia la bomba a Capaci e Buscetta alzer\u00e0 il tiro facendo il nome di Andreotti: un tragico boomerang che lo costringer\u00e0 a fuggire dall\u2019Italia per sempre.<\/p><p>[\/et_pb_text][\/et_pb_column][\/et_pb_row][et_pb_row _builder_version=\"3.21.4\" make_fullwidth=\"on\" z_index_tablet=\"500\" module_class=\" et_pb_row_fullwidth\" width=\"89%\" width_tablet=\"80%\" width_last_edited=\"on|desktop\" max_width=\"89%\" max_width_tablet=\"80%\" max_width_last_edited=\"on|desktop\"][et_pb_column type=\"4_4\" custom_padding__hover=\"|||\" custom_padding=\"|||\"][et_pb_divider color=\"#262626\" divider_style=\"outset\" hide_on_mobile=\"off\" divider_weight=\"2\" _builder_version=\"3.21.4\" height=\"5px\" z_index_tablet=\"500\"]<\/p><p>\u00a0<\/p><p>[\/et_pb_divider][\/et_pb_column][\/et_pb_row][et_pb_row _builder_version=\"3.21.4\" make_fullwidth=\"on\" z_index_tablet=\"500\" module_class=\" et_pb_row_fullwidth\" width=\"89%\" width_tablet=\"80%\" width_last_edited=\"on|desktop\" max_width=\"89%\" max_width_tablet=\"80%\" max_width_last_edited=\"on|desktop\"][et_pb_column type=\"4_4\" custom_padding__hover=\"|||\" custom_padding=\"|||\"][et_pb_code _builder_version=\"3.21.4\" z_index_tablet=\"500\"]<iframe src=\"https:\/\/www.youtube.com\/embed\/7nvYMRpKzak\" width=\"560\" height=\"315\" frameborder=\"0\" allowfullscreen=\"allowfullscreen\" data-mce-fragment=\"1\"><\/iframe>[\/et_pb_code][et_pb_code _builder_version=\"3.21.4\" z_index_tablet=\"500\"]<iframe src=\"https:\/\/www.youtube.com\/embed\/CIusC1WorT4\" width=\"560\" height=\"315\" frameborder=\"0\" allowfullscreen=\"allowfullscreen\" data-mce-fragment=\"1\"><\/iframe>[\/et_pb_code][et_pb_code _builder_version=\"3.21.4\" z_index_tablet=\"500\"]<iframe src=\"https:\/\/www.youtube.com\/embed\/acBnUO2WpCg\" width=\"560\" height=\"315\" frameborder=\"0\" allowfullscreen=\"allowfullscreen\" data-mce-fragment=\"1\"><\/iframe>[\/et_pb_code][\/et_pb_column][\/et_pb_row][\/et_pb_section]<\/p><p style=\"text-align: left;\">\u00a0<\/p>","_et_gb_content_width":"","_monsterinsights_skip_tracking":false,"_monsterinsights_sitenote_active":false,"_monsterinsights_sitenote_note":"","_monsterinsights_sitenote_category":0,"footnotes":""},"class_list":["post-1183","page","type-page","status-publish","hentry"],"yoast_head":"<!-- This site is optimized with the Yoast SEO plugin v27.7 - https:\/\/yoast.com\/product\/yoast-seo-wordpress\/ -->\n<title>OLD PAGE - The Traitor &#8212; Kavac Film<\/title>\n<meta name=\"robots\" content=\"index, follow, max-snippet:-1, max-image-preview:large, max-video-preview:-1\" \/>\n<link rel=\"canonical\" href=\"https:\/\/www.kavacfilm.com\/en\/old-page-the-traitor\/\" \/>\n<meta property=\"og:locale\" content=\"en_US\" \/>\n<meta property=\"og:type\" content=\"article\" \/>\n<meta property=\"og:title\" content=\"OLD PAGE - The Traitor &#8212; Kavac Film\" \/>\n<meta property=\"og:description\" content=\"a film by MARCO BELLOCCHIOwith Pierfrancesco Favino Maria Fernanda Candido Fabrizio Ferracane Fausto Russo Alesi Luigi Lo Casciouna coproduzione Italia-Francia-Germania-Brasileprodotto da BEPPE CASCHETTOuna produzione IBC MOVIE, KAVAC FILM con RAI CINEMADistribuzione 01 DISTRIBUTION &nbsp; &nbsp; Cast tecnico Regia Marco Bellocchio Sceneggiatura Marco Bellocchio, Ludovica Rampoldi, Valia Santella, Francesco Piccolo in collaborazione con Francesco La Licata [&hellip;]\" \/>\n<meta property=\"og:url\" content=\"https:\/\/www.kavacfilm.com\/en\/old-page-the-traitor\/\" \/>\n<meta property=\"og:site_name\" content=\"Kavac Film\" \/>\n<meta property=\"article:publisher\" content=\"https:\/\/www.facebook.com\/KavacFilm\" \/>\n<meta property=\"og:image\" content=\"https:\/\/www.kavacfilm.com\/wp-content\/uploads\/2020\/11\/KavaFilm-home-snippet.jpg\" \/>\n\t<meta property=\"og:image:width\" content=\"1200\" \/>\n\t<meta property=\"og:image:height\" content=\"630\" \/>\n\t<meta property=\"og:image:type\" content=\"image\/jpeg\" \/>\n<meta name=\"twitter:card\" content=\"summary_large_image\" \/>\n<meta name=\"twitter:site\" content=\"@KavacFilm\" \/>\n<meta name=\"twitter:label1\" content=\"Est. reading time\" \/>\n\t<meta name=\"twitter:data1\" content=\"9 minutes\" \/>\n<script type=\"application\/ld+json\" class=\"yoast-schema-graph\">{\"@context\":\"https:\\\/\\\/schema.org\",\"@graph\":[{\"@type\":\"WebPage\",\"@id\":\"https:\\\/\\\/www.kavacfilm.com\\\/en\\\/old-page-the-traitor\\\/\",\"url\":\"https:\\\/\\\/www.kavacfilm.com\\\/en\\\/old-page-the-traitor\\\/\",\"name\":\"OLD PAGE - The Traitor &#8212; Kavac Film\",\"isPartOf\":{\"@id\":\"https:\\\/\\\/www.kavacfilm.com\\\/en\\\/#website\"},\"datePublished\":\"2020-11-20T09:12:19+00:00\",\"breadcrumb\":{\"@id\":\"https:\\\/\\\/www.kavacfilm.com\\\/en\\\/old-page-the-traitor\\\/#breadcrumb\"},\"inLanguage\":\"en-US\",\"potentialAction\":[{\"@type\":\"ReadAction\",\"target\":[\"https:\\\/\\\/www.kavacfilm.com\\\/en\\\/old-page-the-traitor\\\/\"]}]},{\"@type\":\"BreadcrumbList\",\"@id\":\"https:\\\/\\\/www.kavacfilm.com\\\/en\\\/old-page-the-traitor\\\/#breadcrumb\",\"itemListElement\":[{\"@type\":\"ListItem\",\"position\":1,\"name\":\"Home\",\"item\":\"https:\\\/\\\/www.kavacfilm.com\\\/en\\\/\"},{\"@type\":\"ListItem\",\"position\":2,\"name\":\"OLD PAGE &#8211; The Traitor\"}]},{\"@type\":\"WebSite\",\"@id\":\"https:\\\/\\\/www.kavacfilm.com\\\/en\\\/#website\",\"url\":\"https:\\\/\\\/www.kavacfilm.com\\\/en\\\/\",\"name\":\"Kavac Film\",\"description\":\"Kavac Film srl website\",\"publisher\":{\"@id\":\"https:\\\/\\\/www.kavacfilm.com\\\/en\\\/#organization\"},\"potentialAction\":[{\"@type\":\"SearchAction\",\"target\":{\"@type\":\"EntryPoint\",\"urlTemplate\":\"https:\\\/\\\/www.kavacfilm.com\\\/en\\\/?s={search_term_string}\"},\"query-input\":{\"@type\":\"PropertyValueSpecification\",\"valueRequired\":true,\"valueName\":\"search_term_string\"}}],\"inLanguage\":\"en-US\"},{\"@type\":\"Organization\",\"@id\":\"https:\\\/\\\/www.kavacfilm.com\\\/en\\\/#organization\",\"name\":\"Kavac Film Srl\",\"url\":\"https:\\\/\\\/www.kavacfilm.com\\\/en\\\/\",\"logo\":{\"@type\":\"ImageObject\",\"inLanguage\":\"en-US\",\"@id\":\"https:\\\/\\\/www.kavacfilm.com\\\/en\\\/#\\\/schema\\\/logo\\\/image\\\/\",\"url\":\"https:\\\/\\\/www.kavacfilm.com\\\/wp-content\\\/uploads\\\/2023\\\/04\\\/propic-kavac.jpg\",\"contentUrl\":\"https:\\\/\\\/www.kavacfilm.com\\\/wp-content\\\/uploads\\\/2023\\\/04\\\/propic-kavac.jpg\",\"width\":1200,\"height\":1200,\"caption\":\"Kavac Film Srl\"},\"image\":{\"@id\":\"https:\\\/\\\/www.kavacfilm.com\\\/en\\\/#\\\/schema\\\/logo\\\/image\\\/\"},\"sameAs\":[\"https:\\\/\\\/www.facebook.com\\\/KavacFilm\",\"https:\\\/\\\/x.com\\\/KavacFilm\",\"https:\\\/\\\/www.instagram.com\\\/kavac_film\\\/\"]}]}<\/script>\n<!-- \/ Yoast SEO plugin. -->","yoast_head_json":{"title":"OLD PAGE - The Traitor &#8212; Kavac Film","robots":{"index":"index","follow":"follow","max-snippet":"max-snippet:-1","max-image-preview":"max-image-preview:large","max-video-preview":"max-video-preview:-1"},"canonical":"https:\/\/www.kavacfilm.com\/en\/old-page-the-traitor\/","og_locale":"en_US","og_type":"article","og_title":"OLD PAGE - The Traitor &#8212; Kavac Film","og_description":"a film by MARCO BELLOCCHIOwith Pierfrancesco Favino Maria Fernanda Candido Fabrizio Ferracane Fausto Russo Alesi Luigi Lo Casciouna coproduzione Italia-Francia-Germania-Brasileprodotto da BEPPE CASCHETTOuna produzione IBC MOVIE, KAVAC FILM con RAI CINEMADistribuzione 01 DISTRIBUTION &nbsp; &nbsp; Cast tecnico Regia Marco Bellocchio Sceneggiatura Marco Bellocchio, Ludovica Rampoldi, Valia Santella, Francesco Piccolo in collaborazione con Francesco La Licata [&hellip;]","og_url":"https:\/\/www.kavacfilm.com\/en\/old-page-the-traitor\/","og_site_name":"Kavac Film","article_publisher":"https:\/\/www.facebook.com\/KavacFilm","og_image":[{"width":1200,"height":630,"url":"https:\/\/www.kavacfilm.com\/wp-content\/uploads\/2020\/11\/KavaFilm-home-snippet.jpg","type":"image\/jpeg"}],"twitter_card":"summary_large_image","twitter_site":"@KavacFilm","twitter_misc":{"Est. reading time":"9 minutes"},"schema":{"@context":"https:\/\/schema.org","@graph":[{"@type":"WebPage","@id":"https:\/\/www.kavacfilm.com\/en\/old-page-the-traitor\/","url":"https:\/\/www.kavacfilm.com\/en\/old-page-the-traitor\/","name":"OLD PAGE - The Traitor &#8212; Kavac Film","isPartOf":{"@id":"https:\/\/www.kavacfilm.com\/en\/#website"},"datePublished":"2020-11-20T09:12:19+00:00","breadcrumb":{"@id":"https:\/\/www.kavacfilm.com\/en\/old-page-the-traitor\/#breadcrumb"},"inLanguage":"en-US","potentialAction":[{"@type":"ReadAction","target":["https:\/\/www.kavacfilm.com\/en\/old-page-the-traitor\/"]}]},{"@type":"BreadcrumbList","@id":"https:\/\/www.kavacfilm.com\/en\/old-page-the-traitor\/#breadcrumb","itemListElement":[{"@type":"ListItem","position":1,"name":"Home","item":"https:\/\/www.kavacfilm.com\/en\/"},{"@type":"ListItem","position":2,"name":"OLD PAGE &#8211; The Traitor"}]},{"@type":"WebSite","@id":"https:\/\/www.kavacfilm.com\/en\/#website","url":"https:\/\/www.kavacfilm.com\/en\/","name":"Kavac Film","description":"Kavac Film srl website","publisher":{"@id":"https:\/\/www.kavacfilm.com\/en\/#organization"},"potentialAction":[{"@type":"SearchAction","target":{"@type":"EntryPoint","urlTemplate":"https:\/\/www.kavacfilm.com\/en\/?s={search_term_string}"},"query-input":{"@type":"PropertyValueSpecification","valueRequired":true,"valueName":"search_term_string"}}],"inLanguage":"en-US"},{"@type":"Organization","@id":"https:\/\/www.kavacfilm.com\/en\/#organization","name":"Kavac Film Srl","url":"https:\/\/www.kavacfilm.com\/en\/","logo":{"@type":"ImageObject","inLanguage":"en-US","@id":"https:\/\/www.kavacfilm.com\/en\/#\/schema\/logo\/image\/","url":"https:\/\/www.kavacfilm.com\/wp-content\/uploads\/2023\/04\/propic-kavac.jpg","contentUrl":"https:\/\/www.kavacfilm.com\/wp-content\/uploads\/2023\/04\/propic-kavac.jpg","width":1200,"height":1200,"caption":"Kavac Film Srl"},"image":{"@id":"https:\/\/www.kavacfilm.com\/en\/#\/schema\/logo\/image\/"},"sameAs":["https:\/\/www.facebook.com\/KavacFilm","https:\/\/x.com\/KavacFilm","https:\/\/www.instagram.com\/kavac_film\/"]}]}},"jetpack_sharing_enabled":true,"_links":{"self":[{"href":"https:\/\/www.kavacfilm.com\/en\/wp-json\/wp\/v2\/pages\/1183","targetHints":{"allow":["GET"]}}],"collection":[{"href":"https:\/\/www.kavacfilm.com\/en\/wp-json\/wp\/v2\/pages"}],"about":[{"href":"https:\/\/www.kavacfilm.com\/en\/wp-json\/wp\/v2\/types\/page"}],"author":[{"embeddable":true,"href":"https:\/\/www.kavacfilm.com\/en\/wp-json\/wp\/v2\/users\/2"}],"replies":[{"embeddable":true,"href":"https:\/\/www.kavacfilm.com\/en\/wp-json\/wp\/v2\/comments?post=1183"}],"version-history":[{"count":1,"href":"https:\/\/www.kavacfilm.com\/en\/wp-json\/wp\/v2\/pages\/1183\/revisions"}],"predecessor-version":[{"id":1184,"href":"https:\/\/www.kavacfilm.com\/en\/wp-json\/wp\/v2\/pages\/1183\/revisions\/1184"}],"wp:attachment":[{"href":"https:\/\/www.kavacfilm.com\/en\/wp-json\/wp\/v2\/media?parent=1183"}],"curies":[{"name":"wp","href":"https:\/\/api.w.org\/{rel}","templated":true}]}}